{"id":18880,"date":"2020-09-18T16:35:34","date_gmt":"2020-09-18T15:35:34","guid":{"rendered":"https:\/\/nim.yupeek.com\/climat-social-tendu-nim-europe\/"},"modified":"2024-06-21T10:22:52","modified_gmt":"2024-06-21T09:22:52","slug":"climat-social-tendu-nim-europe","status":"publish","type":"page","link":"https:\/\/nimeurope.com\/en\/climat-social-tendu-nim-europe\/","title":{"rendered":"The tense social climate in business | NIM Europe"},"content":{"rendered":"\t\t<div data-elementor-type=\"wp-page\" data-elementor-id=\"18880\" class=\"elementor elementor-18880 elementor-3321\" data-elementor-post-type=\"page\">\n\t\t\t\t\t\t<section class=\"elementor-section elementor-top-section elementor-element elementor-element-17a29c39 elementor-section-boxed elementor-section-height-default elementor-section-height-default\" data-id=\"17a29c39\" data-element_type=\"section\">\n\t\t\t\t\t\t<div class=\"elementor-container elementor-column-gap-default\">\n\t\t\t\t\t<div class=\"elementor-column elementor-col-100 elementor-top-column elementor-element elementor-element-405b736b\" data-id=\"405b736b\" data-element_type=\"column\">\n\t\t\t<div class=\"elementor-widget-wrap elementor-element-populated\">\n\t\t\t\t\t\t<div class=\"elementor-element elementor-element-673c74db elementor-widget elementor-widget-text-editor\" data-id=\"673c74db\" data-element_type=\"widget\" data-widget_type=\"text-editor.default\">\n\t\t\t\t<div class=\"elementor-widget-container\">\n\t\t\t\t\t\t\t\t\t<h1>The tense social climate in business | NIM Europe<\/h1>\n\t\t\t\t\t\t\t\t<\/div>\n\t\t\t\t<\/div>\n\t\t\t\t\t<\/div>\n\t\t<\/div>\n\t\t\t\t\t<\/div>\n\t\t<\/section>\n\t\t\t\t<section class=\"elementor-section elementor-top-section elementor-element elementor-element-7da77c87 elementor-section-boxed elementor-section-height-default elementor-section-height-default\" data-id=\"7da77c87\" data-element_type=\"section\">\n\t\t\t\t\t\t<div class=\"elementor-container elementor-column-gap-default\">\n\t\t\t\t\t<div class=\"elementor-column elementor-col-100 elementor-top-column elementor-element elementor-element-35f6ac63\" data-id=\"35f6ac63\" data-element_type=\"column\">\n\t\t\t<div class=\"elementor-widget-wrap elementor-element-populated\">\n\t\t\t\t\t\t<div class=\"elementor-element elementor-element-5177b97 elementor-widget elementor-widget-text-editor\" data-id=\"5177b97\" data-element_type=\"widget\" data-widget_type=\"text-editor.default\">\n\t\t\t\t<div class=\"elementor-widget-container\">\n\t\t\t\t\t\t\t\t\t<h2>CLIMAT SOCIAL TENDU : QUELLE SOLUTION ?<\/h2>\n<p>Votre entreprise traverse une crise li\u00e9e \u00e0 un climat social tendu et vous souhaitez y rem\u00e9dier pour retrouver la motivation de votre personnel. Un\u00a0<strong><a href=\"https:\/\/nimeurope.com\/en\/devenir-manager-de-transition-chez-nim-europe\/\" target=\"_blank\" rel=\"noopener noreferrer\">manager de transition<\/a>\u00a0<\/strong>peut vous y aider, en mettant en place des indicateurs pour mesurer l\u2019\u00e9tat du climat social dans votre entreprise ?<\/p>\n<h2>MESURER LE CLIMAT SOCIAL DE VOTRE ENTREPRISE<\/h2>\n<p>Le climat social permet de mesurer le niveau de satisfaction des salari\u00e9s et des dirigeants vis \u00e0 vis de l\u2019entreprise qui les emploie. Si le dialogue social est un bon moyen de d\u00e9celer des relations tendues entre collaborateurs, mais qui ne reposent que sur des perceptions, les chiffres peuvent aider de mani\u00e8re plus concr\u00e8te le DRH \u00e0 y voir plus clair. Gr\u00e2ce \u00e0 diff\u00e9rents indicateurs, il pourra ainsi \u00e9valuer le ressenti de la qualit\u00e9 de vie professionnelle de ses collaborateurs.<\/p>\n<p>Mais quels sont ces indicateurs ? Pour savoir si les salari\u00e9s sont satisfaits de leurs conditions de travail, le DRH doit r\u00e9aliser une \u00e9tude s\u2019appuyant sur des donn\u00e9es comme le nombre de d\u00e9missions, le taux d\u2019absent\u00e9isme et le turnover (rotation de l\u2019emploi). Si les diff\u00e9rents taux sont \u00e9lev\u00e9s, l\u2019entreprise pr\u00e9sente une mauvaise gestion sociale de ses salari\u00e9s et doit agir rapidement. Ainsi, elle pourra \u00e9viter que des conflits internes nuisent \u00e0 sa performance, avec notamment le risque d\u2019une chute du chiffre d\u2019affaires ou de la rentabilit\u00e9 .<\/p>\n<h2>POURQUOI FAIRE APPEL \u00c0 UN MANAGER DE TRANSITION ?<\/h2>\n<p>Un manager de transition est un sp\u00e9cialiste de la gestion et de l\u2019organisation du travail, engag\u00e9 dans le cadre d\u2019une mission temporaire. Choisi en fonction de ses comp\u00e9tences par notre cabinet, il a pour objectif de cibler les difficult\u00e9s rencontr\u00e9es par une entreprise pour y rem\u00e9dier. Son point fort ? Un regard neuf et une objectivit\u00e9 \u00e0 toute \u00e9preuve.<br \/>\nDans le cas d\u2019un climat social tendu, par exemple entre la direction et ses salari\u00e9s, il convient de faire appel \u00e0 un\u00a0<strong><a href=\"https:\/\/nimeurope.com\/en\/drh-transition-nim-europe\/\" target=\"_blank\" rel=\"noopener noreferrer\">directeur des ressources humaines de transition<\/a><\/strong>, sa mission reposant sur un \u00e9tat des lieux des probl\u00e8mes en pr\u00e9sence mais sans restructuration des hi\u00e9rarchies ou remise en cause des comp\u00e9tences. Une fois mis en fonction, celui-ci va pouvoir mesurer le climat social de l\u2019entreprise, en mettant en place un certain nombre d\u2019outils, comme le dialogue et le barom\u00e8tre social.<\/p>\n<h2>LES OUTILS DU DIRECTEUR DE TRANSITION<\/h2>\n<p>Le barom\u00e8tre social est un questionnaire, r\u00e9alis\u00e9 sur mesure, permettant de mettre en avant les perceptions que les salari\u00e9s ont de leurs conditions de travail. Il s\u2019agit d\u2019un outil puissant qui va permettre par la suite d\u2019instaurer une bonne communication entre les diff\u00e9rents niveaux, services, ateliers et surtout entre les collaborateurs et leurs responsables hi\u00e9rarchiques .<br \/>\nCette mesure du climat social r\u00e9v\u00e8le ainsi leur taux de satisfaction par rapport \u00e0 leur r\u00e9mun\u00e9ration, la gestion de leur temps de travail, l\u2019organisation interne, leur gestion de carri\u00e8re ou leurs difficult\u00e9s \u00e0 g\u00e9rer leur stress au travail.<br \/>\nPar le biais de ce barom\u00e8tre, le\u00a0<strong><a href=\"https:\/\/nimeurope.com\/en\/directeur-general-transition\/\" target=\"_blank\" rel=\"noopener noreferrer\">directeur de transition<\/a><\/strong>\u00a0va mettre en place un dialogue et prendre les mesures qui s\u2019imposent. Il peut \u00eatre amen\u00e9 \u00e0 r\u00e9v\u00e9ler de nouvelles comp\u00e9tences ou \u00e0 r\u00e9tablir la confiance perdue entre les diff\u00e9rents membres d\u2019une \u00e9quipe. Ainsi, il va favoriser le sentiment d\u2019appartenance \u00e0 un groupe, am\u00e9liorant le climat social de l\u2019entreprise. Une fois cet objectif r\u00e9alis\u00e9, la direction des ressources humaines pourra poursuivre son travail sans heurts.<\/p>\n<p>D\u00e9couvrez les diff\u00e9rentes fonctions de Manager de Transition :<\/p>\n<ul>\n<li><strong><a href=\"https:\/\/nimeurope.com\/en\/directeur-general-transition\/\" target=\"_blank\" rel=\"noopener noreferrer\">DG de transition<\/a><\/strong><\/li>\n<li><strong><a href=\"https:\/\/nimeurope.com\/en\/directeur-financier-transition-nim-europe\/\" target=\"_blank\" rel=\"noopener noreferrer\">DAF de transition<\/a><\/strong><\/li>\n<li><strong><a href=\"https:\/\/nimeurope.com\/en\/production-industrie-supply-chain-nim-europe\/\" target=\"_blank\" rel=\"noopener noreferrer\">Direction Production, Op\u00e9rations, Supply-chain<\/a><\/strong><\/li>\n<li><strong><a href=\"https:\/\/nimeurope.com\/en\/drh-transition-nim-europe\/\" target=\"_blank\" rel=\"noopener noreferrer\">DRH de transition<\/a><\/strong><\/li>\n<li><strong><a href=\"\/directeur-marketing-commercial-nim-europe\/\" target=\"_blank\" rel=\"noopener noreferrer\">Direction Marketing et Commerciale<\/a><\/strong><\/li>\n<li><strong><a href=\"https:\/\/nimeurope.com\/en\/dsi-de-transition-nim-europe\/\" target=\"_blank\" rel=\"noopener noreferrer\">DSI de transition<\/a><\/strong><\/li>\n<li><strong><a href=\"https:\/\/nimeurope.com\/en\/directeur-expert-transition-nim-europe\/\" target=\"_blank\" rel=\"noopener noreferrer\">Directions Expertes<\/a><\/strong><\/li>\n<\/ul>\n<p>Vous serez \u00e9galement int\u00e9ress\u00e9 par :<\/p>\n<ul>\n<li><strong><a href=\"https:\/\/nimeurope.com\/en\/gerer-situation-de-crise-entreprise\/\" target=\"_blank\" rel=\"noopener noreferrer\">La gestion d\u2019une situation de crise<\/a><\/strong><\/li>\n<li><strong><a href=\"https:\/\/nimeurope.com\/en\/optimisation-tresorerie-nim-europe\/\" target=\"_blank\" rel=\"noopener noreferrer\">L\u2019optimisation de la tr\u00e9sorerie<\/a><\/strong><\/li>\n<li><strong><a href=\"https:\/\/nimeurope.com\/en\/reorganisation-interne-management-de-transition-nim-europe\/\" target=\"_blank\" rel=\"noopener noreferrer\">Mettre en place une r\u00e9organisation en interne<\/a><\/strong><\/li>\n<li><strong><a href=\"https:\/\/nimeurope.com\/en\/leviers-de-croissance-management-de-transition-nim-europe\/\" target=\"_blank\" rel=\"noopener noreferrer\">Identifier de nouveaux leviers de croissance<\/a><\/strong><\/li>\n<\/ul>\n\t\t\t\t\t\t\t\t<\/div>\n\t\t\t\t<\/div>\n\t\t\t\t\t<\/div>\n\t\t<\/div>\n\t\t\t\t\t<\/div>\n\t\t<\/section>\n\t\t\t\t<section class=\"elementor-section elementor-top-section elementor-element elementor-element-440050ae elementor-section-boxed elementor-section-height-default elementor-section-height-default\" data-id=\"440050ae\" data-element_type=\"section\">\n\t\t\t\t\t\t<div class=\"elementor-container elementor-column-gap-default\">\n\t\t\t\t\t<div class=\"elementor-column elementor-col-50 elementor-top-column elementor-element elementor-element-1a31e6ab\" data-id=\"1a31e6ab\" data-element_type=\"column\" data-settings=\"{&quot;background_background&quot;:&quot;classic&quot;}\">\n\t\t\t<div class=\"elementor-widget-wrap elementor-element-populated\">\n\t\t\t\t\t\t<div class=\"elementor-element elementor-element-69e476b8 elementor-widget elementor-widget-heading\" data-id=\"69e476b8\" data-element_type=\"widget\" data-widget_type=\"heading.default\">\n\t\t\t\t<div class=\"elementor-widget-container\">\n\t\t\t\t\t<span class=\"elementor-heading-title elementor-size-default\">Are you looking for an executive interim manager?<\/span>\t\t\t\t<\/div>\n\t\t\t\t<\/div>\n\t\t\t\t<div class=\"elementor-element elementor-element-1666bd9d bullet-arrow-2 elementor-widget elementor-widget-text-editor\" data-id=\"1666bd9d\" data-element_type=\"widget\" data-widget_type=\"text-editor.default\">\n\t\t\t\t<div class=\"elementor-widget-container\">\n\t\t\t\t\t\t\t\t\t<ul class=\"bullet-arrow black\">\n<li><a href=\"tel:+33146248571\">+33 1 46 24 85 71<\/a><\/li>\n<li><a href=\"mailto:mail@nimeurope.com\">mail@nimeurope.com<\/a><\/li>\n<li><a href=\"https:\/\/nimeurope.com\/en\/contact\/\" target=\"_blank\" rel=\"noopener noreferrer\">contact us<\/a><\/li>\n<\/ul>\n\t\t\t\t\t\t\t\t<\/div>\n\t\t\t\t<\/div>\n\t\t\t\t\t<\/div>\n\t\t<\/div>\n\t\t\t\t<div class=\"elementor-column elementor-col-50 elementor-top-column elementor-element elementor-element-2b1f6ab3\" data-id=\"2b1f6ab3\" data-element_type=\"column\" data-settings=\"{&quot;background_background&quot;:&quot;classic&quot;}\">\n\t\t\t<div class=\"elementor-widget-wrap elementor-element-populated\">\n\t\t\t\t\t\t<div class=\"elementor-element elementor-element-52f0ebf7 elementor-widget elementor-widget-heading\" data-id=\"52f0ebf7\" data-element_type=\"widget\" data-widget_type=\"heading.default\">\n\t\t\t\t<div class=\"elementor-widget-container\">\n\t\t\t\t\t<span class=\"elementor-heading-title elementor-size-default\"><span class=\"\" style=\"font-size: 16px;font-weight: 600;font-family: Poppins, sans-serif;font-style: normal\">Become one of our executive interim managers&nbsp;?<\/span><\/span>\t\t\t\t<\/div>\n\t\t\t\t<\/div>\n\t\t\t\t<div class=\"elementor-element elementor-element-558518a3 cta elementor-widget elementor-widget-text-editor\" data-id=\"558518a3\" data-element_type=\"widget\" data-widget_type=\"text-editor.default\">\n\t\t\t\t<div class=\"elementor-widget-container\">\n\t\t\t\t\t\t\t\t\t<p><a href=\"https:\/\/nimeurope.com\/en\/deposer-votre-cv\/\">Submit your CV<\/a>\u00a0<\/p>\n\t\t\t\t\t\t\t\t<\/div>\n\t\t\t\t<\/div>\n\t\t\t\t\t<\/div>\n\t\t<\/div>\n\t\t\t\t\t<\/div>\n\t\t<\/section>\n\t\t\t\t<section class=\"elementor-section elementor-top-section elementor-element elementor-element-774a92b9 elementor-section-boxed elementor-section-height-default elementor-section-height-default\" data-id=\"774a92b9\" data-element_type=\"section\">\n\t\t\t\t\t\t<div class=\"elementor-container elementor-column-gap-default\">\n\t\t\t\t\t<div class=\"elementor-column elementor-col-100 elementor-top-column elementor-element elementor-element-6f04119e\" data-id=\"6f04119e\" data-element_type=\"column\">\n\t\t\t<div class=\"elementor-widget-wrap elementor-element-populated\">\n\t\t\t\t\t\t<div class=\"elementor-element elementor-element-33a6fa1b elementor-widget elementor-widget-spacer\" data-id=\"33a6fa1b\" data-element_type=\"widget\" data-widget_type=\"spacer.default\">\n\t\t\t\t<div class=\"elementor-widget-container\">\n\t\t\t\t\t\t\t<div class=\"elementor-spacer\">\n\t\t\t<div class=\"elementor-spacer-inner\"><\/div>\n\t\t<\/div>\n\t\t\t\t\t\t<\/div>\n\t\t\t\t<\/div>\n\t\t\t\t\t<\/div>\n\t\t<\/div>\n\t\t\t\t\t<\/div>\n\t\t<\/section>\n\t\t\t\t<\/div>\n\t\t","protected":false},"excerpt":{"rendered":"<p>The tense social climate in business | NIM Europe CLIMAT SOCIAL TENDU : QUELLE SOLUTION ? Votre entreprise traverse une crise li\u00e9e \u00e0 un climat social tendu et vous souhaitez y rem\u00e9dier pour retrouver la motivation de votre personnel. Un\u00a0manager de transition\u00a0peut vous y aider, en mettant en place des indicateurs pour mesurer l\u2019\u00e9tat du [&hellip;]<\/p>\n","protected":false},"author":13,"featured_media":0,"parent":0,"menu_order":0,"comment_status":"closed","ping_status":"closed","template":"","meta":{"footnotes":""},"class_list":["post-18880","page","type-page","status-publish","hentry","entry"],"yoast_head":"<!-- This site is optimized with the Yoast SEO plugin v26.8 - https:\/\/yoast.com\/product\/yoast-seo-wordpress\/ -->\n<title>The tense social climate in business | NIM Europe - NIM Europe<\/title>\n<meta name=\"description\" content=\"Pour \u00e9viter que le climat social se tende dans votre entreprise et g\u00e9n\u00e8re une d\u00e9motivation de vos salari\u00e9s , faites appel \u00e0 un manager de transition et profitez de son expertise sur le terrain.\" \/>\n<meta name=\"robots\" content=\"index, follow, max-snippet:-1, max-image-preview:large, max-video-preview:-1\" \/>\n<link rel=\"canonical\" href=\"https:\/\/nimeurope.com\/en\/climat-social-tendu-nim-europe\/\" \/>\n<meta property=\"og:locale\" content=\"en_US\" \/>\n<meta property=\"og:type\" content=\"article\" \/>\n<meta property=\"og:title\" content=\"The tense social climate in business | NIM Europe - NIM Europe\" \/>\n<meta property=\"og:description\" content=\"Pour \u00e9viter que le climat social se tende dans votre entreprise et g\u00e9n\u00e8re une d\u00e9motivation de vos salari\u00e9s , faites appel \u00e0 un manager de transition et profitez de son expertise sur le terrain.\" \/>\n<meta property=\"og:url\" content=\"https:\/\/nimeurope.com\/en\/climat-social-tendu-nim-europe\/\" \/>\n<meta property=\"og:site_name\" content=\"NIM Europe\" \/>\n<meta property=\"article:modified_time\" content=\"2024-06-21T09:22:52+00:00\" \/>\n<meta property=\"og:image\" content=\"https:\/\/nimeurope.com\/wp-content\/uploads\/2019\/05\/nim_logo_m-min.jpg\" \/>\n\t<meta property=\"og:image:width\" content=\"600\" \/>\n\t<meta property=\"og:image:height\" content=\"300\" \/>\n\t<meta property=\"og:image:type\" content=\"image\/jpeg\" \/>\n<meta name=\"twitter:label1\" content=\"Est. reading time\" \/>\n\t<meta name=\"twitter:data1\" content=\"3 minutes\" \/>\n<script type=\"application\/ld+json\" class=\"yoast-schema-graph\">{\"@context\":\"https:\/\/schema.org\",\"@graph\":[{\"@type\":\"WebPage\",\"@id\":\"https:\/\/nimeurope.com\/en\/climat-social-tendu-nim-europe\/\",\"url\":\"https:\/\/nimeurope.com\/en\/climat-social-tendu-nim-europe\/\",\"name\":\"The tense social climate in business | NIM Europe - NIM Europe\",\"isPartOf\":{\"@id\":\"https:\/\/nimeurope.com\/en\/#website\"},\"datePublished\":\"2020-09-18T15:35:34+00:00\",\"dateModified\":\"2024-06-21T09:22:52+00:00\",\"description\":\"Pour \u00e9viter que le climat social se tende dans votre entreprise et g\u00e9n\u00e8re une d\u00e9motivation de vos salari\u00e9s , faites appel \u00e0 un manager de transition et profitez de son expertise sur le terrain.\",\"breadcrumb\":{\"@id\":\"https:\/\/nimeurope.com\/en\/climat-social-tendu-nim-europe\/#breadcrumb\"},\"inLanguage\":\"en-US\",\"potentialAction\":[{\"@type\":\"ReadAction\",\"target\":[\"https:\/\/nimeurope.com\/en\/climat-social-tendu-nim-europe\/\"]}]},{\"@type\":\"BreadcrumbList\",\"@id\":\"https:\/\/nimeurope.com\/en\/climat-social-tendu-nim-europe\/#breadcrumb\",\"itemListElement\":[{\"@type\":\"ListItem\",\"position\":1,\"name\":\"Home\",\"item\":\"https:\/\/nimeurope.com\/en\/home\/\"},{\"@type\":\"ListItem\",\"position\":2,\"name\":\"The tense social climate in business | NIM Europe\"}]},{\"@type\":\"WebSite\",\"@id\":\"https:\/\/nimeurope.com\/en\/#website\",\"url\":\"https:\/\/nimeurope.com\/en\/\",\"name\":\"NIM Europe\",\"description\":\"Nimeurope\",\"potentialAction\":[{\"@type\":\"SearchAction\",\"target\":{\"@type\":\"EntryPoint\",\"urlTemplate\":\"https:\/\/nimeurope.com\/en\/?s={search_term_string}\"},\"query-input\":{\"@type\":\"PropertyValueSpecification\",\"valueRequired\":true,\"valueName\":\"search_term_string\"}}],\"inLanguage\":\"en-US\"}]}<\/script>\n<!-- \/ Yoast SEO plugin. -->","yoast_head_json":{"title":"The tense social climate in business | NIM Europe - NIM Europe","description":"Pour \u00e9viter que le climat social se tende dans votre entreprise et g\u00e9n\u00e8re une d\u00e9motivation de vos salari\u00e9s , faites appel \u00e0 un manager de transition et profitez de son expertise sur le terrain.","robots":{"index":"index","follow":"follow","max-snippet":"max-snippet:-1","max-image-preview":"max-image-preview:large","max-video-preview":"max-video-preview:-1"},"canonical":"https:\/\/nimeurope.com\/en\/climat-social-tendu-nim-europe\/","og_locale":"en_US","og_type":"article","og_title":"The tense social climate in business | NIM Europe - NIM Europe","og_description":"Pour \u00e9viter que le climat social se tende dans votre entreprise et g\u00e9n\u00e8re une d\u00e9motivation de vos salari\u00e9s , faites appel \u00e0 un manager de transition et profitez de son expertise sur le terrain.","og_url":"https:\/\/nimeurope.com\/en\/climat-social-tendu-nim-europe\/","og_site_name":"NIM Europe","article_modified_time":"2024-06-21T09:22:52+00:00","og_image":[{"width":600,"height":300,"url":"https:\/\/nimeurope.com\/wp-content\/uploads\/2019\/05\/nim_logo_m-min.jpg","type":"image\/jpeg"}],"twitter_misc":{"Est. reading time":"3 minutes"},"schema":{"@context":"https:\/\/schema.org","@graph":[{"@type":"WebPage","@id":"https:\/\/nimeurope.com\/en\/climat-social-tendu-nim-europe\/","url":"https:\/\/nimeurope.com\/en\/climat-social-tendu-nim-europe\/","name":"The tense social climate in business | NIM Europe - NIM Europe","isPartOf":{"@id":"https:\/\/nimeurope.com\/en\/#website"},"datePublished":"2020-09-18T15:35:34+00:00","dateModified":"2024-06-21T09:22:52+00:00","description":"Pour \u00e9viter que le climat social se tende dans votre entreprise et g\u00e9n\u00e8re une d\u00e9motivation de vos salari\u00e9s , faites appel \u00e0 un manager de transition et profitez de son expertise sur le terrain.","breadcrumb":{"@id":"https:\/\/nimeurope.com\/en\/climat-social-tendu-nim-europe\/#breadcrumb"},"inLanguage":"en-US","potentialAction":[{"@type":"ReadAction","target":["https:\/\/nimeurope.com\/en\/climat-social-tendu-nim-europe\/"]}]},{"@type":"BreadcrumbList","@id":"https:\/\/nimeurope.com\/en\/climat-social-tendu-nim-europe\/#breadcrumb","itemListElement":[{"@type":"ListItem","position":1,"name":"Home","item":"https:\/\/nimeurope.com\/en\/home\/"},{"@type":"ListItem","position":2,"name":"The tense social climate in business | NIM Europe"}]},{"@type":"WebSite","@id":"https:\/\/nimeurope.com\/en\/#website","url":"https:\/\/nimeurope.com\/en\/","name":"NIM Europe","description":"Nimeurope","potentialAction":[{"@type":"SearchAction","target":{"@type":"EntryPoint","urlTemplate":"https:\/\/nimeurope.com\/en\/?s={search_term_string}"},"query-input":{"@type":"PropertyValueSpecification","valueRequired":true,"valueName":"search_term_string"}}],"inLanguage":"en-US"}]}},"_links":{"self":[{"href":"https:\/\/nimeurope.com\/en\/wp-json\/wp\/v2\/pages\/18880","targetHints":{"allow":["GET"]}}],"collection":[{"href":"https:\/\/nimeurope.com\/en\/wp-json\/wp\/v2\/pages"}],"about":[{"href":"https:\/\/nimeurope.com\/en\/wp-json\/wp\/v2\/types\/page"}],"author":[{"embeddable":true,"href":"https:\/\/nimeurope.com\/en\/wp-json\/wp\/v2\/users\/13"}],"replies":[{"embeddable":true,"href":"https:\/\/nimeurope.com\/en\/wp-json\/wp\/v2\/comments?post=18880"}],"version-history":[{"count":0,"href":"https:\/\/nimeurope.com\/en\/wp-json\/wp\/v2\/pages\/18880\/revisions"}],"wp:attachment":[{"href":"https:\/\/nimeurope.com\/en\/wp-json\/wp\/v2\/media?parent=18880"}],"curies":[{"name":"wp","href":"https:\/\/api.w.org\/{rel}","templated":true}]}}